{"id":31609,"date":"2023-06-02T13:43:58","date_gmt":"2023-06-02T11:43:58","guid":{"rendered":"https:\/\/chg.es\/obra-nueva-costa-blanca\/%tipo%\/san-nicolas-no1"},"modified":"2025-06-10T16:51:30","modified_gmt":"2025-06-10T14:51:30","slug":"san-nicolas-no1","status":"publish","type":"promocion","link":"https:\/\/chg.es\/de\/villen-und-appartments-in-denia-y-oliva-nova\/villen-an-der-costa-blanca\/san-nicolas-no1","title":{"rendered":"San Nicol\u00e1s n\u00ba1"},"content":{"rendered":"<p>Lassen Sie sich vom Charme dieser majest\u00e4tischen Designervilla auf dem renommierten San Nicol\u00e1s H\u00fcgel in D\u00e9nia verzaubern. Genie\u00dfen Sie den Panoramablick auf das Meer, der Ihnen den Atem rauben wird. Diese avantgardistische Residenz wird Sie mit ihren gro\u00dfz\u00fcgigen R\u00e4umlichkeiten, einer exquisiten Suite mit privater Terrasse, zwei traumhaften Doppelschlafzimmern und einem erfrischenden Infinity-Pool auf einer paradiesischen Terrasse begeistern. Entdecken Sie den Lebensstil von Luxus und Komfort, den Sie an diesem einzigartigen Ort verdienen!<\/p>\n","protected":false},"excerpt":{"rendered":"<p>Exklusive Luxusvilla in D\u00e9nia mit Meerblick und nur 5 Minuten vom Zentrum und allen Dienstleistungen entfernt.<\/p>\n","protected":false},"featured_media":31207,"parent":0,"menu_order":0,"template":"","meta":[],"class_list":["post-31609","promocion","type-promocion","status-publish","has-post-thumbnail","hentry","tipo-villen-an-der-costa-blanca","tags-villa-promocion-de","description-off"],"yoast_head":"<!-- This site is optimized with the Yoast SEO plugin v22.4 - https:\/\/yoast.com\/wordpress\/plugins\/seo\/ -->\n<title>San Nicol\u00e1s Nr. 1 \u2013 Luxusvilla mit Aussicht in Oliva Nova | CHG<\/title>\n<meta name=\"description\" content=\"San Nicol\u00e1s Nr. 1, Neubau-Villa mit privilegierten Aussichten in D\u00e9nia. Modernes Design, gro\u00dfz\u00fcgige R\u00e4ume und erstklassige Bauqualit\u00e4t.\" \/>\n<meta name=\"robots\" content=\"index, follow, max-snippet:-1, max-image-preview:large, max-video-preview:-1\" \/>\n<link rel=\"canonical\" href=\"https:\/\/chg.es\/de\/villen-und-appartments-in-denia-y-oliva-nova\/villen-an-der-costa-blanca\/san-nicolas-no1\" \/>\n<meta property=\"og:locale\" content=\"de_DE\" \/>\n<meta property=\"og:type\" content=\"article\" \/>\n<meta property=\"og:title\" content=\"San Nicol\u00e1s Nr. 1 \u2013 Luxusvilla mit Aussicht in Oliva Nova | CHG\" \/>\n<meta property=\"og:description\" content=\"San Nicol\u00e1s Nr. 1, Neubau-Villa mit privilegierten Aussichten in D\u00e9nia. Modernes Design, gro\u00dfz\u00fcgige R\u00e4ume und erstklassige Bauqualit\u00e4t.\" \/>\n<meta property=\"og:url\" content=\"https:\/\/chg.es\/de\/villen-und-appartments-in-denia-y-oliva-nova\/villen-an-der-costa-blanca\/san-nicolas-no1\" \/>\n<meta property=\"og:site_name\" content=\"CHG\" \/>\n<meta property=\"article:publisher\" content=\"https:\/\/www.facebook.com\/chgconstrucciones\/\" \/>\n<meta property=\"article:modified_time\" content=\"2025-06-10T14:51:30+00:00\" \/>\n<meta property=\"og:image\" content=\"https:\/\/chg.es\/wp-content\/uploads\/2023\/06\/01_CARLES-FAUS-ARQUITECTURA-7-scaled.jpg\" \/>\n\t<meta property=\"og:image:width\" content=\"2560\" \/>\n\t<meta property=\"og:image:height\" content=\"2100\" \/>\n\t<meta property=\"og:image:type\" content=\"image\/jpeg\" \/>\n<meta name=\"twitter:card\" content=\"summary_large_image\" \/>\n<meta name=\"twitter:label1\" content=\"Gesch\u00e4tzte Lesezeit\" \/>\n\t<meta name=\"twitter:data1\" content=\"1 Minute\" \/>\n<script type=\"application\/ld+json\" class=\"yoast-schema-graph\">{\"@context\":\"https:\/\/schema.org\",\"@graph\":[{\"@type\":\"WebPage\",\"@id\":\"https:\/\/chg.es\/de\/villen-und-appartments-in-denia-y-oliva-nova\/villen-an-der-costa-blanca\/san-nicolas-no1\",\"url\":\"https:\/\/chg.es\/de\/villen-und-appartments-in-denia-y-oliva-nova\/villen-an-der-costa-blanca\/san-nicolas-no1\",\"name\":\"San Nicol\u00e1s Nr. 1 \u2013 Luxusvilla mit Aussicht in Oliva Nova | CHG\",\"isPartOf\":{\"@id\":\"https:\/\/chg.es\/en\/#website\"},\"primaryImageOfPage\":{\"@id\":\"https:\/\/chg.es\/de\/villen-und-appartments-in-denia-y-oliva-nova\/villen-an-der-costa-blanca\/san-nicolas-no1#primaryimage\"},\"image\":{\"@id\":\"https:\/\/chg.es\/de\/villen-und-appartments-in-denia-y-oliva-nova\/villen-an-der-costa-blanca\/san-nicolas-no1#primaryimage\"},\"thumbnailUrl\":\"https:\/\/chg.es\/wp-content\/uploads\/2023\/06\/01_CARLES-FAUS-ARQUITECTURA-7-scaled.jpg\",\"datePublished\":\"2023-06-02T11:43:58+00:00\",\"dateModified\":\"2025-06-10T14:51:30+00:00\",\"description\":\"San Nicol\u00e1s Nr. 1, Neubau-Villa mit privilegierten Aussichten in D\u00e9nia. Modernes Design, gro\u00dfz\u00fcgige R\u00e4ume und erstklassige Bauqualit\u00e4t.\",\"breadcrumb\":{\"@id\":\"https:\/\/chg.es\/de\/villen-und-appartments-in-denia-y-oliva-nova\/villen-an-der-costa-blanca\/san-nicolas-no1#breadcrumb\"},\"inLanguage\":\"de-DE\",\"potentialAction\":[{\"@type\":\"ReadAction\",\"target\":[\"https:\/\/chg.es\/de\/villen-und-appartments-in-denia-y-oliva-nova\/villen-an-der-costa-blanca\/san-nicolas-no1\"]}]},{\"@type\":\"ImageObject\",\"inLanguage\":\"de-DE\",\"@id\":\"https:\/\/chg.es\/de\/villen-und-appartments-in-denia-y-oliva-nova\/villen-an-der-costa-blanca\/san-nicolas-no1#primaryimage\",\"url\":\"https:\/\/chg.es\/wp-content\/uploads\/2023\/06\/01_CARLES-FAUS-ARQUITECTURA-7-scaled.jpg\",\"contentUrl\":\"https:\/\/chg.es\/wp-content\/uploads\/2023\/06\/01_CARLES-FAUS-ARQUITECTURA-7-scaled.jpg\",\"width\":2560,\"height\":2100},{\"@type\":\"BreadcrumbList\",\"@id\":\"https:\/\/chg.es\/de\/villen-und-appartments-in-denia-y-oliva-nova\/villen-an-der-costa-blanca\/san-nicolas-no1#breadcrumb\",\"itemListElement\":[{\"@type\":\"ListItem\",\"position\":1,\"name\":\"Home\",\"item\":\"https:\/\/chg.es\/home-3\"},{\"@type\":\"ListItem\",\"position\":2,\"name\":\"Promociones\",\"item\":\"https:\/\/chg.es\/en\/new-developments-costa-blanca\/%tipo%\"},{\"@type\":\"ListItem\",\"position\":3,\"name\":\"Villen Costa Blanca\",\"item\":\"https:\/\/chg.es\/de\/villen-und-appartments-in-denia-y-oliva-nova\/villen-an-der-costa-blanca\"},{\"@type\":\"ListItem\",\"position\":4,\"name\":\"San Nicol\u00e1s n\u00ba1\"}]},{\"@type\":\"WebSite\",\"@id\":\"https:\/\/chg.es\/en\/#website\",\"url\":\"https:\/\/chg.es\/en\/\",\"name\":\"CHG\",\"description\":\"CHG\",\"publisher\":{\"@id\":\"https:\/\/chg.es\/en\/#organization\"},\"potentialAction\":[{\"@type\":\"SearchAction\",\"target\":{\"@type\":\"EntryPoint\",\"urlTemplate\":\"https:\/\/chg.es\/en\/?s={search_term_string}\"},\"query-input\":\"required name=search_term_string\"}],\"inLanguage\":\"de-DE\"},{\"@type\":\"Organization\",\"@id\":\"https:\/\/chg.es\/en\/#organization\",\"name\":\"CHG\",\"url\":\"https:\/\/chg.es\/en\/\",\"logo\":{\"@type\":\"ImageObject\",\"inLanguage\":\"de-DE\",\"@id\":\"https:\/\/chg.es\/en\/#\/schema\/logo\/image\/\",\"url\":\"https:\/\/chg.es\/wp-content\/uploads\/2022\/09\/logo-chg.svg\",\"contentUrl\":\"https:\/\/chg.es\/wp-content\/uploads\/2022\/09\/logo-chg.svg\",\"caption\":\"CHG\"},\"image\":{\"@id\":\"https:\/\/chg.es\/en\/#\/schema\/logo\/image\/\"},\"sameAs\":[\"https:\/\/www.facebook.com\/chgconstrucciones\/\",\"https:\/\/www.instagram.com\/chg.es\/\",\"https:\/\/www.linkedin.com\/company\/construcciones-hispano-germanas\/about\/\"]}]}<\/script>\n<!-- \/ Yoast SEO plugin. -->","yoast_head_json":{"title":"San Nicol\u00e1s Nr. 1 \u2013 Luxusvilla mit Aussicht in Oliva Nova | CHG","description":"San Nicol\u00e1s Nr. 1, Neubau-Villa mit privilegierten Aussichten in D\u00e9nia. Modernes Design, gro\u00dfz\u00fcgige R\u00e4ume und erstklassige Bauqualit\u00e4t.","robots":{"index":"index","follow":"follow","max-snippet":"max-snippet:-1","max-image-preview":"max-image-preview:large","max-video-preview":"max-video-preview:-1"},"canonical":"https:\/\/chg.es\/de\/villen-und-appartments-in-denia-y-oliva-nova\/villen-an-der-costa-blanca\/san-nicolas-no1","og_locale":"de_DE","og_type":"article","og_title":"San Nicol\u00e1s Nr. 1 \u2013 Luxusvilla mit Aussicht in Oliva Nova | CHG","og_description":"San Nicol\u00e1s Nr. 1, Neubau-Villa mit privilegierten Aussichten in D\u00e9nia. Modernes Design, gro\u00dfz\u00fcgige R\u00e4ume und erstklassige Bauqualit\u00e4t.","og_url":"https:\/\/chg.es\/de\/villen-und-appartments-in-denia-y-oliva-nova\/villen-an-der-costa-blanca\/san-nicolas-no1","og_site_name":"CHG","article_publisher":"https:\/\/www.facebook.com\/chgconstrucciones\/","article_modified_time":"2025-06-10T14:51:30+00:00","og_image":[{"width":2560,"height":2100,"url":"https:\/\/chg.es\/wp-content\/uploads\/2023\/06\/01_CARLES-FAUS-ARQUITECTURA-7-scaled.jpg","type":"image\/jpeg"}],"twitter_card":"summary_large_image","twitter_misc":{"Gesch\u00e4tzte Lesezeit":"1 Minute"},"schema":{"@context":"https:\/\/schema.org","@graph":[{"@type":"WebPage","@id":"https:\/\/chg.es\/de\/villen-und-appartments-in-denia-y-oliva-nova\/villen-an-der-costa-blanca\/san-nicolas-no1","url":"https:\/\/chg.es\/de\/villen-und-appartments-in-denia-y-oliva-nova\/villen-an-der-costa-blanca\/san-nicolas-no1","name":"San Nicol\u00e1s Nr. 1 \u2013 Luxusvilla mit Aussicht in Oliva Nova | CHG","isPartOf":{"@id":"https:\/\/chg.es\/en\/#website"},"primaryImageOfPage":{"@id":"https:\/\/chg.es\/de\/villen-und-appartments-in-denia-y-oliva-nova\/villen-an-der-costa-blanca\/san-nicolas-no1#primaryimage"},"image":{"@id":"https:\/\/chg.es\/de\/villen-und-appartments-in-denia-y-oliva-nova\/villen-an-der-costa-blanca\/san-nicolas-no1#primaryimage"},"thumbnailUrl":"https:\/\/chg.es\/wp-content\/uploads\/2023\/06\/01_CARLES-FAUS-ARQUITECTURA-7-scaled.jpg","datePublished":"2023-06-02T11:43:58+00:00","dateModified":"2025-06-10T14:51:30+00:00","description":"San Nicol\u00e1s Nr. 1, Neubau-Villa mit privilegierten Aussichten in D\u00e9nia. Modernes Design, gro\u00dfz\u00fcgige R\u00e4ume und erstklassige Bauqualit\u00e4t.","breadcrumb":{"@id":"https:\/\/chg.es\/de\/villen-und-appartments-in-denia-y-oliva-nova\/villen-an-der-costa-blanca\/san-nicolas-no1#breadcrumb"},"inLanguage":"de-DE","potentialAction":[{"@type":"ReadAction","target":["https:\/\/chg.es\/de\/villen-und-appartments-in-denia-y-oliva-nova\/villen-an-der-costa-blanca\/san-nicolas-no1"]}]},{"@type":"ImageObject","inLanguage":"de-DE","@id":"https:\/\/chg.es\/de\/villen-und-appartments-in-denia-y-oliva-nova\/villen-an-der-costa-blanca\/san-nicolas-no1#primaryimage","url":"https:\/\/chg.es\/wp-content\/uploads\/2023\/06\/01_CARLES-FAUS-ARQUITECTURA-7-scaled.jpg","contentUrl":"https:\/\/chg.es\/wp-content\/uploads\/2023\/06\/01_CARLES-FAUS-ARQUITECTURA-7-scaled.jpg","width":2560,"height":2100},{"@type":"BreadcrumbList","@id":"https:\/\/chg.es\/de\/villen-und-appartments-in-denia-y-oliva-nova\/villen-an-der-costa-blanca\/san-nicolas-no1#breadcrumb","itemListElement":[{"@type":"ListItem","position":1,"name":"Home","item":"https:\/\/chg.es\/home-3"},{"@type":"ListItem","position":2,"name":"Promociones","item":"https:\/\/chg.es\/en\/new-developments-costa-blanca\/%tipo%"},{"@type":"ListItem","position":3,"name":"Villen Costa Blanca","item":"https:\/\/chg.es\/de\/villen-und-appartments-in-denia-y-oliva-nova\/villen-an-der-costa-blanca"},{"@type":"ListItem","position":4,"name":"San Nicol\u00e1s n\u00ba1"}]},{"@type":"WebSite","@id":"https:\/\/chg.es\/en\/#website","url":"https:\/\/chg.es\/en\/","name":"CHG","description":"CHG","publisher":{"@id":"https:\/\/chg.es\/en\/#organization"},"potentialAction":[{"@type":"SearchAction","target":{"@type":"EntryPoint","urlTemplate":"https:\/\/chg.es\/en\/?s={search_term_string}"},"query-input":"required name=search_term_string"}],"inLanguage":"de-DE"},{"@type":"Organization","@id":"https:\/\/chg.es\/en\/#organization","name":"CHG","url":"https:\/\/chg.es\/en\/","logo":{"@type":"ImageObject","inLanguage":"de-DE","@id":"https:\/\/chg.es\/en\/#\/schema\/logo\/image\/","url":"https:\/\/chg.es\/wp-content\/uploads\/2022\/09\/logo-chg.svg","contentUrl":"https:\/\/chg.es\/wp-content\/uploads\/2022\/09\/logo-chg.svg","caption":"CHG"},"image":{"@id":"https:\/\/chg.es\/en\/#\/schema\/logo\/image\/"},"sameAs":["https:\/\/www.facebook.com\/chgconstrucciones\/","https:\/\/www.instagram.com\/chg.es\/","https:\/\/www.linkedin.com\/company\/construcciones-hispano-germanas\/about\/"]}]}},"localizacion":"D\u00e9nia","precio":"","thumbnail_url":"https:\/\/chg.es\/wp-content\/uploads\/2023\/06\/01_CARLES-FAUS-ARQUITECTURA-7-scaled.jpg","num_habitaciones":"3","num_banos":"2+1","m2_contruidos":"","m2_terraza":"","_links":{"self":[{"href":"https:\/\/chg.es\/de\/wp-json\/wp\/v2\/promocion\/31609","targetHints":{"allow":["GET"]}}],"collection":[{"href":"https:\/\/chg.es\/de\/wp-json\/wp\/v2\/promocion"}],"about":[{"href":"https:\/\/chg.es\/de\/wp-json\/wp\/v2\/types\/promocion"}],"wp:featuredmedia":[{"embeddable":true,"href":"https:\/\/chg.es\/de\/wp-json\/wp\/v2\/media\/31207"}],"wp:attachment":[{"href":"https:\/\/chg.es\/de\/wp-json\/wp\/v2\/media?parent=31609"}],"curies":[{"name":"wp","href":"https:\/\/api.w.org\/{rel}","templated":true}]}}