{"id":33475,"date":"2023-08-29T10:56:43","date_gmt":"2023-08-29T08:56:43","guid":{"rendered":"https:\/\/chg.es\/obra-nueva-costa-blanca\/%tipo%\/san-nicolas-no54-55"},"modified":"2025-09-11T17:44:38","modified_gmt":"2025-09-11T15:44:38","slug":"san-nicolas-no54-55","status":"publish","type":"promocion","link":"https:\/\/chg.es\/de\/villen-und-appartments-in-denia-y-oliva-nova\/villen-an-der-costa-blanca\/san-nicolas-no54-55","title":{"rendered":"San Nicolas n\u00ba54-55"},"content":{"rendered":"<p>Wir pr\u00e4sentieren Ihnen eine Immobilie mit einem au\u00dfergew\u00f6hnlichen Design, das Eleganz und Funktionalit\u00e4t perfekt verbindet. Die beiden oberen Etagen sind f\u00fcr das t\u00e4gliche Leben konzipiert, w\u00e4hrend die untere Etage Platz f\u00fcr einen Weinkeller und einen Fitnessraum bietet. Im Erdgeschoss befinden sich die Doppelschlafzimmer mit eigenem Bad, w\u00e4hrend im Obergeschoss ein ger\u00e4umiges Wohn- und Esszimmer mit einer Terrasse mit Garten und Swimmingpool verbunden ist.<\/p>\n","protected":false},"excerpt":{"rendered":"<p>Tauchen Sie in den Luxus und die Funktionalit\u00e4t dieser dreist\u00f6ckigen Villa ein, wo sich jedes elegante Detail zu einem au\u00dfergew\u00f6hnlich komfortablen und raffinierten Raum vereint.<\/p>\n","protected":false},"featured_media":33386,"parent":0,"menu_order":0,"template":"","meta":[],"class_list":["post-33475","promocion","type-promocion","status-publish","has-post-thumbnail","hentry","tipo-villen-an-der-costa-blanca","tags-villa-promocion-de","description-off"],"yoast_head":"<!-- This site is optimized with the Yoast SEO plugin v22.4 - https:\/\/yoast.com\/wordpress\/plugins\/seo\/ -->\n<title>San Nicolas n\u00ba54-55 - CHG<\/title>\n<meta name=\"description\" content=\"Tauchen Sie in den Luxus und die Funktionalit\u00e4t dieser dreist\u00f6ckigen Villa ein, wo sich jedes elegante Detail zu einem au\u00dfergew\u00f6hnlich komfortablen und raffinierten Raum vereint.\" \/>\n<meta name=\"robots\" content=\"index, follow, max-snippet:-1, max-image-preview:large, max-video-preview:-1\" \/>\n<link rel=\"canonical\" href=\"https:\/\/chg.es\/de\/villen-und-appartments-in-denia-y-oliva-nova\/villen-an-der-costa-blanca\/san-nicolas-no54-55\" \/>\n<meta property=\"og:locale\" content=\"de_DE\" \/>\n<meta property=\"og:type\" content=\"article\" \/>\n<meta property=\"og:title\" content=\"San Nicolas n\u00ba54-55 - CHG\" \/>\n<meta property=\"og:description\" content=\"Tauchen Sie in den Luxus und die Funktionalit\u00e4t dieser dreist\u00f6ckigen Villa ein, wo sich jedes elegante Detail zu einem au\u00dfergew\u00f6hnlich komfortablen und raffinierten Raum vereint.\" \/>\n<meta property=\"og:url\" content=\"https:\/\/chg.es\/de\/villen-und-appartments-in-denia-y-oliva-nova\/villen-an-der-costa-blanca\/san-nicolas-no54-55\" \/>\n<meta property=\"og:site_name\" content=\"CHG\" \/>\n<meta property=\"article:publisher\" content=\"https:\/\/www.facebook.com\/chgconstrucciones\/\" \/>\n<meta property=\"article:modified_time\" content=\"2025-09-11T15:44:38+00:00\" \/>\n<meta property=\"og:image\" content=\"https:\/\/chg.es\/wp-content\/uploads\/2023\/08\/CARLES-FAUS-ARQUITECTURA-PARCELA-54-55-8-scaled.jpg\" \/>\n\t<meta property=\"og:image:width\" content=\"2560\" \/>\n\t<meta property=\"og:image:height\" content=\"1437\" \/>\n\t<meta property=\"og:image:type\" content=\"image\/jpeg\" \/>\n<meta name=\"twitter:card\" content=\"summary_large_image\" \/>\n<meta name=\"twitter:label1\" content=\"Gesch\u00e4tzte Lesezeit\" \/>\n\t<meta name=\"twitter:data1\" content=\"1 Minute\" \/>\n<script type=\"application\/ld+json\" class=\"yoast-schema-graph\">{\"@context\":\"https:\/\/schema.org\",\"@graph\":[{\"@type\":\"WebPage\",\"@id\":\"https:\/\/chg.es\/de\/villen-und-appartments-in-denia-y-oliva-nova\/villen-an-der-costa-blanca\/san-nicolas-no54-55\",\"url\":\"https:\/\/chg.es\/de\/villen-und-appartments-in-denia-y-oliva-nova\/villen-an-der-costa-blanca\/san-nicolas-no54-55\",\"name\":\"San Nicolas n\u00ba54-55 - CHG\",\"isPartOf\":{\"@id\":\"https:\/\/chg.es\/en\/#website\"},\"primaryImageOfPage\":{\"@id\":\"https:\/\/chg.es\/de\/villen-und-appartments-in-denia-y-oliva-nova\/villen-an-der-costa-blanca\/san-nicolas-no54-55#primaryimage\"},\"image\":{\"@id\":\"https:\/\/chg.es\/de\/villen-und-appartments-in-denia-y-oliva-nova\/villen-an-der-costa-blanca\/san-nicolas-no54-55#primaryimage\"},\"thumbnailUrl\":\"https:\/\/chg.es\/wp-content\/uploads\/2023\/08\/CARLES-FAUS-ARQUITECTURA-PARCELA-54-55-8-scaled.jpg\",\"datePublished\":\"2023-08-29T08:56:43+00:00\",\"dateModified\":\"2025-09-11T15:44:38+00:00\",\"description\":\"Tauchen Sie in den Luxus und die Funktionalit\u00e4t dieser dreist\u00f6ckigen Villa ein, wo sich jedes elegante Detail zu einem au\u00dfergew\u00f6hnlich komfortablen und raffinierten Raum vereint.\",\"breadcrumb\":{\"@id\":\"https:\/\/chg.es\/de\/villen-und-appartments-in-denia-y-oliva-nova\/villen-an-der-costa-blanca\/san-nicolas-no54-55#breadcrumb\"},\"inLanguage\":\"de-DE\",\"potentialAction\":[{\"@type\":\"ReadAction\",\"target\":[\"https:\/\/chg.es\/de\/villen-und-appartments-in-denia-y-oliva-nova\/villen-an-der-costa-blanca\/san-nicolas-no54-55\"]}]},{\"@type\":\"ImageObject\",\"inLanguage\":\"de-DE\",\"@id\":\"https:\/\/chg.es\/de\/villen-und-appartments-in-denia-y-oliva-nova\/villen-an-der-costa-blanca\/san-nicolas-no54-55#primaryimage\",\"url\":\"https:\/\/chg.es\/wp-content\/uploads\/2023\/08\/CARLES-FAUS-ARQUITECTURA-PARCELA-54-55-8-scaled.jpg\",\"contentUrl\":\"https:\/\/chg.es\/wp-content\/uploads\/2023\/08\/CARLES-FAUS-ARQUITECTURA-PARCELA-54-55-8-scaled.jpg\",\"width\":2560,\"height\":1437},{\"@type\":\"BreadcrumbList\",\"@id\":\"https:\/\/chg.es\/de\/villen-und-appartments-in-denia-y-oliva-nova\/villen-an-der-costa-blanca\/san-nicolas-no54-55#breadcrumb\",\"itemListElement\":[{\"@type\":\"ListItem\",\"position\":1,\"name\":\"Home\",\"item\":\"https:\/\/chg.es\/home-3\"},{\"@type\":\"ListItem\",\"position\":2,\"name\":\"Promociones\",\"item\":\"https:\/\/chg.es\/en\/new-developments-costa-blanca\/%tipo%\"},{\"@type\":\"ListItem\",\"position\":3,\"name\":\"Villen Costa Blanca\",\"item\":\"https:\/\/chg.es\/de\/villen-und-appartments-in-denia-y-oliva-nova\/villen-an-der-costa-blanca\"},{\"@type\":\"ListItem\",\"position\":4,\"name\":\"San Nicolas n\u00ba54-55\"}]},{\"@type\":\"WebSite\",\"@id\":\"https:\/\/chg.es\/en\/#website\",\"url\":\"https:\/\/chg.es\/en\/\",\"name\":\"CHG\",\"description\":\"CHG\",\"publisher\":{\"@id\":\"https:\/\/chg.es\/en\/#organization\"},\"potentialAction\":[{\"@type\":\"SearchAction\",\"target\":{\"@type\":\"EntryPoint\",\"urlTemplate\":\"https:\/\/chg.es\/en\/?s={search_term_string}\"},\"query-input\":\"required name=search_term_string\"}],\"inLanguage\":\"de-DE\"},{\"@type\":\"Organization\",\"@id\":\"https:\/\/chg.es\/en\/#organization\",\"name\":\"CHG\",\"url\":\"https:\/\/chg.es\/en\/\",\"logo\":{\"@type\":\"ImageObject\",\"inLanguage\":\"de-DE\",\"@id\":\"https:\/\/chg.es\/en\/#\/schema\/logo\/image\/\",\"url\":\"https:\/\/chg.es\/wp-content\/uploads\/2022\/09\/logo-chg.svg\",\"contentUrl\":\"https:\/\/chg.es\/wp-content\/uploads\/2022\/09\/logo-chg.svg\",\"caption\":\"CHG\"},\"image\":{\"@id\":\"https:\/\/chg.es\/en\/#\/schema\/logo\/image\/\"},\"sameAs\":[\"https:\/\/www.facebook.com\/chgconstrucciones\/\",\"https:\/\/www.instagram.com\/chg.es\/\",\"https:\/\/www.linkedin.com\/company\/construcciones-hispano-germanas\/about\/\"]}]}<\/script>\n<!-- \/ Yoast SEO plugin. -->","yoast_head_json":{"title":"San Nicolas n\u00ba54-55 - CHG","description":"Tauchen Sie in den Luxus und die Funktionalit\u00e4t dieser dreist\u00f6ckigen Villa ein, wo sich jedes elegante Detail zu einem au\u00dfergew\u00f6hnlich komfortablen und raffinierten Raum vereint.","robots":{"index":"index","follow":"follow","max-snippet":"max-snippet:-1","max-image-preview":"max-image-preview:large","max-video-preview":"max-video-preview:-1"},"canonical":"https:\/\/chg.es\/de\/villen-und-appartments-in-denia-y-oliva-nova\/villen-an-der-costa-blanca\/san-nicolas-no54-55","og_locale":"de_DE","og_type":"article","og_title":"San Nicolas n\u00ba54-55 - CHG","og_description":"Tauchen Sie in den Luxus und die Funktionalit\u00e4t dieser dreist\u00f6ckigen Villa ein, wo sich jedes elegante Detail zu einem au\u00dfergew\u00f6hnlich komfortablen und raffinierten Raum vereint.","og_url":"https:\/\/chg.es\/de\/villen-und-appartments-in-denia-y-oliva-nova\/villen-an-der-costa-blanca\/san-nicolas-no54-55","og_site_name":"CHG","article_publisher":"https:\/\/www.facebook.com\/chgconstrucciones\/","article_modified_time":"2025-09-11T15:44:38+00:00","og_image":[{"width":2560,"height":1437,"url":"https:\/\/chg.es\/wp-content\/uploads\/2023\/08\/CARLES-FAUS-ARQUITECTURA-PARCELA-54-55-8-scaled.jpg","type":"image\/jpeg"}],"twitter_card":"summary_large_image","twitter_misc":{"Gesch\u00e4tzte Lesezeit":"1 Minute"},"schema":{"@context":"https:\/\/schema.org","@graph":[{"@type":"WebPage","@id":"https:\/\/chg.es\/de\/villen-und-appartments-in-denia-y-oliva-nova\/villen-an-der-costa-blanca\/san-nicolas-no54-55","url":"https:\/\/chg.es\/de\/villen-und-appartments-in-denia-y-oliva-nova\/villen-an-der-costa-blanca\/san-nicolas-no54-55","name":"San Nicolas n\u00ba54-55 - CHG","isPartOf":{"@id":"https:\/\/chg.es\/en\/#website"},"primaryImageOfPage":{"@id":"https:\/\/chg.es\/de\/villen-und-appartments-in-denia-y-oliva-nova\/villen-an-der-costa-blanca\/san-nicolas-no54-55#primaryimage"},"image":{"@id":"https:\/\/chg.es\/de\/villen-und-appartments-in-denia-y-oliva-nova\/villen-an-der-costa-blanca\/san-nicolas-no54-55#primaryimage"},"thumbnailUrl":"https:\/\/chg.es\/wp-content\/uploads\/2023\/08\/CARLES-FAUS-ARQUITECTURA-PARCELA-54-55-8-scaled.jpg","datePublished":"2023-08-29T08:56:43+00:00","dateModified":"2025-09-11T15:44:38+00:00","description":"Tauchen Sie in den Luxus und die Funktionalit\u00e4t dieser dreist\u00f6ckigen Villa ein, wo sich jedes elegante Detail zu einem au\u00dfergew\u00f6hnlich komfortablen und raffinierten Raum vereint.","breadcrumb":{"@id":"https:\/\/chg.es\/de\/villen-und-appartments-in-denia-y-oliva-nova\/villen-an-der-costa-blanca\/san-nicolas-no54-55#breadcrumb"},"inLanguage":"de-DE","potentialAction":[{"@type":"ReadAction","target":["https:\/\/chg.es\/de\/villen-und-appartments-in-denia-y-oliva-nova\/villen-an-der-costa-blanca\/san-nicolas-no54-55"]}]},{"@type":"ImageObject","inLanguage":"de-DE","@id":"https:\/\/chg.es\/de\/villen-und-appartments-in-denia-y-oliva-nova\/villen-an-der-costa-blanca\/san-nicolas-no54-55#primaryimage","url":"https:\/\/chg.es\/wp-content\/uploads\/2023\/08\/CARLES-FAUS-ARQUITECTURA-PARCELA-54-55-8-scaled.jpg","contentUrl":"https:\/\/chg.es\/wp-content\/uploads\/2023\/08\/CARLES-FAUS-ARQUITECTURA-PARCELA-54-55-8-scaled.jpg","width":2560,"height":1437},{"@type":"BreadcrumbList","@id":"https:\/\/chg.es\/de\/villen-und-appartments-in-denia-y-oliva-nova\/villen-an-der-costa-blanca\/san-nicolas-no54-55#breadcrumb","itemListElement":[{"@type":"ListItem","position":1,"name":"Home","item":"https:\/\/chg.es\/home-3"},{"@type":"ListItem","position":2,"name":"Promociones","item":"https:\/\/chg.es\/en\/new-developments-costa-blanca\/%tipo%"},{"@type":"ListItem","position":3,"name":"Villen Costa Blanca","item":"https:\/\/chg.es\/de\/villen-und-appartments-in-denia-y-oliva-nova\/villen-an-der-costa-blanca"},{"@type":"ListItem","position":4,"name":"San Nicolas n\u00ba54-55"}]},{"@type":"WebSite","@id":"https:\/\/chg.es\/en\/#website","url":"https:\/\/chg.es\/en\/","name":"CHG","description":"CHG","publisher":{"@id":"https:\/\/chg.es\/en\/#organization"},"potentialAction":[{"@type":"SearchAction","target":{"@type":"EntryPoint","urlTemplate":"https:\/\/chg.es\/en\/?s={search_term_string}"},"query-input":"required name=search_term_string"}],"inLanguage":"de-DE"},{"@type":"Organization","@id":"https:\/\/chg.es\/en\/#organization","name":"CHG","url":"https:\/\/chg.es\/en\/","logo":{"@type":"ImageObject","inLanguage":"de-DE","@id":"https:\/\/chg.es\/en\/#\/schema\/logo\/image\/","url":"https:\/\/chg.es\/wp-content\/uploads\/2022\/09\/logo-chg.svg","contentUrl":"https:\/\/chg.es\/wp-content\/uploads\/2022\/09\/logo-chg.svg","caption":"CHG"},"image":{"@id":"https:\/\/chg.es\/en\/#\/schema\/logo\/image\/"},"sameAs":["https:\/\/www.facebook.com\/chgconstrucciones\/","https:\/\/www.instagram.com\/chg.es\/","https:\/\/www.linkedin.com\/company\/construcciones-hispano-germanas\/about\/"]}]}},"localizacion":"D\u00e9nia","precio":"","thumbnail_url":"https:\/\/chg.es\/wp-content\/uploads\/2023\/08\/CARLES-FAUS-ARQUITECTURA-PARCELA-54-55-8-scaled.jpg","num_habitaciones":"3","num_banos":"3+1","m2_contruidos":"","m2_terraza":"","_links":{"self":[{"href":"https:\/\/chg.es\/de\/wp-json\/wp\/v2\/promocion\/33475","targetHints":{"allow":["GET"]}}],"collection":[{"href":"https:\/\/chg.es\/de\/wp-json\/wp\/v2\/promocion"}],"about":[{"href":"https:\/\/chg.es\/de\/wp-json\/wp\/v2\/types\/promocion"}],"wp:featuredmedia":[{"embeddable":true,"href":"https:\/\/chg.es\/de\/wp-json\/wp\/v2\/media\/33386"}],"wp:attachment":[{"href":"https:\/\/chg.es\/de\/wp-json\/wp\/v2\/media?parent=33475"}],"curies":[{"name":"wp","href":"https:\/\/api.w.org\/{rel}","templated":true}]}}