{"id":29878,"date":"2022-11-04T14:42:43","date_gmt":"2022-11-04T12:42:43","guid":{"rendered":"https:\/\/chg.es\/obra-nueva-costa-blanca\/%tipo%\/villa-avila"},"modified":"2023-05-23T13:24:19","modified_gmt":"2023-05-23T11:24:19","slug":"villa-avila","status":"publish","type":"promocion","link":"https:\/\/chg.es\/fr\/projets-nouvelle-construction-costa-blanca\/%tipo%\/villa-avila","title":{"rendered":"Villa de luxe \u00c1vila"},"content":{"rendered":"<p>Villa de deux \u00e9tages qui consiste au rez-de-chauss\u00e9e d\u2019un salon-salle \u00e0 manger, cuisine am\u00e9ricaine avec bar, une chambre \u00e0 coucher avec salle de bains ensuite, et buanderie en dessous de l\u2019escalier, et au premier \u00e9tage deux chambres \u00e0 coucher, une salle d\u2019eau, dispose en plus d\u2019un toit terrasse.<\/p>\n","protected":false},"excerpt":{"rendered":"<p>Villa sur mesure de deux \u00e9tages con\u00e7ue pour \u00eatre construite \u00e0 Oliva Nova Beach &amp; Golf Resort.<\/p>\n","protected":false},"featured_media":27765,"parent":0,"menu_order":0,"template":"","meta":[],"class_list":["post-29878","promocion","type-promocion","status-publish","has-post-thumbnail","hentry","tags-villa-clasica-fr","description-off"],"yoast_head":"<!-- This site is optimized with the Yoast SEO plugin v22.4 - https:\/\/yoast.com\/wordpress\/plugins\/seo\/ -->\n<title>Villa de luxe \u00c1vila - CHG<\/title>\n<meta name=\"description\" content=\"Villas de luxe CHG. La villa \u00c1vila de deux \u00e9tages a une architecture exclusive. CHG, groupe constructeur de villas sur mesure et exclusives \u00e0 Oliva et D\u00e9nia\" \/>\n<meta name=\"robots\" content=\"index, follow, max-snippet:-1, max-image-preview:large, max-video-preview:-1\" \/>\n<link rel=\"canonical\" href=\"https:\/\/www.chg.es\/fr\/projets-nouvelle-construction-costa-blanca\/villas-sur-la-costa-blanca\/villa-avila\" \/>\n<meta property=\"og:locale\" content=\"fr_FR\" \/>\n<meta property=\"og:type\" content=\"article\" \/>\n<meta property=\"og:title\" content=\"Villa de luxe \u00c1vila\" \/>\n<meta property=\"og:description\" content=\"Villas de luxe CHG. La villa \u00c1vila de deux \u00e9tages a une architecture exclusive. CHG, groupe constructeur de villas sur mesure et exclusives \u00e0 Oliva et D\u00e9nia\" \/>\n<meta property=\"og:url\" content=\"https:\/\/www.chg.es\/fr\/projets-nouvelle-construction-costa-blanca\/villas-sur-la-costa-blanca\/villa-avila\" \/>\n<meta property=\"og:site_name\" content=\"CHG\" \/>\n<meta property=\"article:publisher\" content=\"https:\/\/www.facebook.com\/chgconstrucciones\/\" \/>\n<meta property=\"article:modified_time\" content=\"2023-05-23T11:24:19+00:00\" \/>\n<meta property=\"og:image\" content=\"https:\/\/chg.es\/wp-content\/uploads\/2022\/11\/villa-avila-galeria1.webp\" \/>\n\t<meta property=\"og:image:width\" content=\"800\" \/>\n\t<meta property=\"og:image:height\" content=\"530\" \/>\n\t<meta property=\"og:image:type\" content=\"image\/webp\" \/>\n<meta name=\"twitter:card\" content=\"summary_large_image\" \/>\n<meta name=\"twitter:title\" content=\"Villa de luxe \u00c1vila\" \/>\n<meta name=\"twitter:description\" content=\"Villas de luxe CHG. La villa \u00c1vila de deux \u00e9tages a une architecture exclusive. CHG, groupe constructeur de villas sur mesure et exclusives \u00e0 Oliva et D\u00e9nia\" \/>\n<meta name=\"twitter:label1\" content=\"Dur\u00e9e de lecture estim\u00e9e\" \/>\n\t<meta name=\"twitter:data1\" content=\"1 minute\" \/>\n<script type=\"application\/ld+json\" class=\"yoast-schema-graph\">{\"@context\":\"https:\/\/schema.org\",\"@graph\":[{\"@type\":\"WebPage\",\"@id\":\"https:\/\/chg.es\/fr\/projets-nouvelle-construction-costa-blanca\/villas-sur-la-costa-blanca\/villa-avila\",\"url\":\"https:\/\/www.chg.es\/fr\/projets-nouvelle-construction-costa-blanca\/villas-sur-la-costa-blanca\/villa-avila\",\"name\":\"Villa de luxe \u00c1vila - CHG\",\"isPartOf\":{\"@id\":\"https:\/\/chg.es\/en\/#website\"},\"primaryImageOfPage\":{\"@id\":\"https:\/\/www.chg.es\/fr\/projets-nouvelle-construction-costa-blanca\/villas-sur-la-costa-blanca\/villa-avila#primaryimage\"},\"image\":{\"@id\":\"https:\/\/www.chg.es\/fr\/projets-nouvelle-construction-costa-blanca\/villas-sur-la-costa-blanca\/villa-avila#primaryimage\"},\"thumbnailUrl\":\"https:\/\/chg.es\/wp-content\/uploads\/2022\/11\/villa-avila-galeria1.webp\",\"datePublished\":\"2022-11-04T12:42:43+00:00\",\"dateModified\":\"2023-05-23T11:24:19+00:00\",\"description\":\"Villas de luxe CHG. La villa \u00c1vila de deux \u00e9tages a une architecture exclusive. CHG, groupe constructeur de villas sur mesure et exclusives \u00e0 Oliva et D\u00e9nia\",\"breadcrumb\":{\"@id\":\"https:\/\/www.chg.es\/fr\/projets-nouvelle-construction-costa-blanca\/villas-sur-la-costa-blanca\/villa-avila#breadcrumb\"},\"inLanguage\":\"fr-FR\",\"potentialAction\":[{\"@type\":\"ReadAction\",\"target\":[\"https:\/\/www.chg.es\/fr\/projets-nouvelle-construction-costa-blanca\/villas-sur-la-costa-blanca\/villa-avila\"]}]},{\"@type\":\"ImageObject\",\"inLanguage\":\"fr-FR\",\"@id\":\"https:\/\/www.chg.es\/fr\/projets-nouvelle-construction-costa-blanca\/villas-sur-la-costa-blanca\/villa-avila#primaryimage\",\"url\":\"https:\/\/chg.es\/wp-content\/uploads\/2022\/11\/villa-avila-galeria1.webp\",\"contentUrl\":\"https:\/\/chg.es\/wp-content\/uploads\/2022\/11\/villa-avila-galeria1.webp\",\"width\":800,\"height\":530},{\"@type\":\"BreadcrumbList\",\"@id\":\"https:\/\/www.chg.es\/fr\/projets-nouvelle-construction-costa-blanca\/villas-sur-la-costa-blanca\/villa-avila#breadcrumb\",\"itemListElement\":[{\"@type\":\"ListItem\",\"position\":1,\"name\":\"Home\",\"item\":\"https:\/\/chg.es\/\"},{\"@type\":\"ListItem\",\"position\":2,\"name\":\"Promociones\",\"item\":\"https:\/\/chg.es\/en\/new-developments-costa-blanca\/%tipo%\"},{\"@type\":\"ListItem\",\"position\":3,\"name\":\"Villa de luxe \u00c1vila\"}]},{\"@type\":\"WebSite\",\"@id\":\"https:\/\/chg.es\/en\/#website\",\"url\":\"https:\/\/chg.es\/en\/\",\"name\":\"CHG\",\"description\":\"CHG\",\"publisher\":{\"@id\":\"https:\/\/chg.es\/en\/#organization\"},\"potentialAction\":[{\"@type\":\"SearchAction\",\"target\":{\"@type\":\"EntryPoint\",\"urlTemplate\":\"https:\/\/chg.es\/en\/?s={search_term_string}\"},\"query-input\":\"required name=search_term_string\"}],\"inLanguage\":\"fr-FR\"},{\"@type\":\"Organization\",\"@id\":\"https:\/\/chg.es\/en\/#organization\",\"name\":\"CHG\",\"url\":\"https:\/\/chg.es\/en\/\",\"logo\":{\"@type\":\"ImageObject\",\"inLanguage\":\"fr-FR\",\"@id\":\"https:\/\/chg.es\/en\/#\/schema\/logo\/image\/\",\"url\":\"https:\/\/chg.es\/wp-content\/uploads\/2022\/09\/logo-chg.svg\",\"contentUrl\":\"https:\/\/chg.es\/wp-content\/uploads\/2022\/09\/logo-chg.svg\",\"caption\":\"CHG\"},\"image\":{\"@id\":\"https:\/\/chg.es\/en\/#\/schema\/logo\/image\/\"},\"sameAs\":[\"https:\/\/www.facebook.com\/chgconstrucciones\/\",\"https:\/\/www.instagram.com\/chg.es\/\",\"https:\/\/www.linkedin.com\/company\/construcciones-hispano-germanas\/about\/\"]}]}<\/script>\n<!-- \/ Yoast SEO plugin. -->","yoast_head_json":{"title":"Villa de luxe \u00c1vila - CHG","description":"Villas de luxe CHG. La villa \u00c1vila de deux \u00e9tages a une architecture exclusive. CHG, groupe constructeur de villas sur mesure et exclusives \u00e0 Oliva et D\u00e9nia","robots":{"index":"index","follow":"follow","max-snippet":"max-snippet:-1","max-image-preview":"max-image-preview:large","max-video-preview":"max-video-preview:-1"},"canonical":"https:\/\/www.chg.es\/fr\/projets-nouvelle-construction-costa-blanca\/villas-sur-la-costa-blanca\/villa-avila","og_locale":"fr_FR","og_type":"article","og_title":"Villa de luxe \u00c1vila","og_description":"Villas de luxe CHG. La villa \u00c1vila de deux \u00e9tages a une architecture exclusive. CHG, groupe constructeur de villas sur mesure et exclusives \u00e0 Oliva et D\u00e9nia","og_url":"https:\/\/www.chg.es\/fr\/projets-nouvelle-construction-costa-blanca\/villas-sur-la-costa-blanca\/villa-avila","og_site_name":"CHG","article_publisher":"https:\/\/www.facebook.com\/chgconstrucciones\/","article_modified_time":"2023-05-23T11:24:19+00:00","og_image":[{"width":800,"height":530,"url":"https:\/\/chg.es\/wp-content\/uploads\/2022\/11\/villa-avila-galeria1.webp","type":"image\/webp"}],"twitter_card":"summary_large_image","twitter_title":"Villa de luxe \u00c1vila","twitter_description":"Villas de luxe CHG. La villa \u00c1vila de deux \u00e9tages a une architecture exclusive. CHG, groupe constructeur de villas sur mesure et exclusives \u00e0 Oliva et D\u00e9nia","twitter_misc":{"Dur\u00e9e de lecture estim\u00e9e":"1 minute"},"schema":{"@context":"https:\/\/schema.org","@graph":[{"@type":"WebPage","@id":"https:\/\/chg.es\/fr\/projets-nouvelle-construction-costa-blanca\/villas-sur-la-costa-blanca\/villa-avila","url":"https:\/\/www.chg.es\/fr\/projets-nouvelle-construction-costa-blanca\/villas-sur-la-costa-blanca\/villa-avila","name":"Villa de luxe \u00c1vila - CHG","isPartOf":{"@id":"https:\/\/chg.es\/en\/#website"},"primaryImageOfPage":{"@id":"https:\/\/www.chg.es\/fr\/projets-nouvelle-construction-costa-blanca\/villas-sur-la-costa-blanca\/villa-avila#primaryimage"},"image":{"@id":"https:\/\/www.chg.es\/fr\/projets-nouvelle-construction-costa-blanca\/villas-sur-la-costa-blanca\/villa-avila#primaryimage"},"thumbnailUrl":"https:\/\/chg.es\/wp-content\/uploads\/2022\/11\/villa-avila-galeria1.webp","datePublished":"2022-11-04T12:42:43+00:00","dateModified":"2023-05-23T11:24:19+00:00","description":"Villas de luxe CHG. La villa \u00c1vila de deux \u00e9tages a une architecture exclusive. CHG, groupe constructeur de villas sur mesure et exclusives \u00e0 Oliva et D\u00e9nia","breadcrumb":{"@id":"https:\/\/www.chg.es\/fr\/projets-nouvelle-construction-costa-blanca\/villas-sur-la-costa-blanca\/villa-avila#breadcrumb"},"inLanguage":"fr-FR","potentialAction":[{"@type":"ReadAction","target":["https:\/\/www.chg.es\/fr\/projets-nouvelle-construction-costa-blanca\/villas-sur-la-costa-blanca\/villa-avila"]}]},{"@type":"ImageObject","inLanguage":"fr-FR","@id":"https:\/\/www.chg.es\/fr\/projets-nouvelle-construction-costa-blanca\/villas-sur-la-costa-blanca\/villa-avila#primaryimage","url":"https:\/\/chg.es\/wp-content\/uploads\/2022\/11\/villa-avila-galeria1.webp","contentUrl":"https:\/\/chg.es\/wp-content\/uploads\/2022\/11\/villa-avila-galeria1.webp","width":800,"height":530},{"@type":"BreadcrumbList","@id":"https:\/\/www.chg.es\/fr\/projets-nouvelle-construction-costa-blanca\/villas-sur-la-costa-blanca\/villa-avila#breadcrumb","itemListElement":[{"@type":"ListItem","position":1,"name":"Home","item":"https:\/\/chg.es\/"},{"@type":"ListItem","position":2,"name":"Promociones","item":"https:\/\/chg.es\/en\/new-developments-costa-blanca\/%tipo%"},{"@type":"ListItem","position":3,"name":"Villa de luxe \u00c1vila"}]},{"@type":"WebSite","@id":"https:\/\/chg.es\/en\/#website","url":"https:\/\/chg.es\/en\/","name":"CHG","description":"CHG","publisher":{"@id":"https:\/\/chg.es\/en\/#organization"},"potentialAction":[{"@type":"SearchAction","target":{"@type":"EntryPoint","urlTemplate":"https:\/\/chg.es\/en\/?s={search_term_string}"},"query-input":"required name=search_term_string"}],"inLanguage":"fr-FR"},{"@type":"Organization","@id":"https:\/\/chg.es\/en\/#organization","name":"CHG","url":"https:\/\/chg.es\/en\/","logo":{"@type":"ImageObject","inLanguage":"fr-FR","@id":"https:\/\/chg.es\/en\/#\/schema\/logo\/image\/","url":"https:\/\/chg.es\/wp-content\/uploads\/2022\/09\/logo-chg.svg","contentUrl":"https:\/\/chg.es\/wp-content\/uploads\/2022\/09\/logo-chg.svg","caption":"CHG"},"image":{"@id":"https:\/\/chg.es\/en\/#\/schema\/logo\/image\/"},"sameAs":["https:\/\/www.facebook.com\/chgconstrucciones\/","https:\/\/www.instagram.com\/chg.es\/","https:\/\/www.linkedin.com\/company\/construcciones-hispano-germanas\/about\/"]}]}},"localizacion":null,"precio":"","thumbnail_url":"https:\/\/chg.es\/wp-content\/uploads\/2022\/11\/villa-avila-galeria1.webp","num_habitaciones":"3","num_banos":"1 + aseo","m2_contruidos":"","m2_terraza":"","_links":{"self":[{"href":"https:\/\/chg.es\/fr\/wp-json\/wp\/v2\/promocion\/29878","targetHints":{"allow":["GET"]}}],"collection":[{"href":"https:\/\/chg.es\/fr\/wp-json\/wp\/v2\/promocion"}],"about":[{"href":"https:\/\/chg.es\/fr\/wp-json\/wp\/v2\/types\/promocion"}],"wp:featuredmedia":[{"embeddable":true,"href":"https:\/\/chg.es\/fr\/wp-json\/wp\/v2\/media\/27765"}],"wp:attachment":[{"href":"https:\/\/chg.es\/fr\/wp-json\/wp\/v2\/media?parent=29878"}],"curies":[{"name":"wp","href":"https:\/\/api.w.org\/{rel}","templated":true}]}}